{"version":"1.0","provider_name":"Anyakuck\u00f3","provider_url":"https:\/\/anyakucko.cafeblog.hu","author_name":"Anyakuck\u00f3","author_url":"https:\/\/anyakucko.cafeblog.hu\/author\/anyakucko\/","title":"Der\u00fclt \u00e9gb\u0151l.... ","html":"Nagyon r\u00e9gen \u00edrtam utolj\u00e1ra... Kicsit feleleven\u00edtve, a 2014-es \u00e9vet boldogs\u00e1gban kezdt\u00fck... \r\nCsak a c\u00e9lzott ter\u00e1pi\u00e1t kapta Anyuci. J\u00f3l volt, boldogs\u00e1g volt. Sokat unok\u00e1zott, havonta j\u00e1rtunk fel\u00edratni a c\u00e9lzott gy\u00f3gyszert.\r\nK\u00f6zben ut\u00e1na n\u00e9ztem a molekul\u00e1ris diagnosztik\u00e1nak, \u00fagy gondoltam, ez lenne az igazi megold\u00e1s, hiszen g\u00e9n szinten hat\u00e1rozz\u00e1k meg a \"hiba\" ok\u00e1t \u00e9s \u00edgy keresnek hozz\u00e1 gy\u00f3gyszert. \r\nEls\u0151 pr\u00f3b\u00e1lkoz\u00e1sn\u00e1l kider\u00fclt, hogy nincs olyan daganat, amib\u0151l mint\u00e1t lehetne venni. Ez boldogs\u00e1ggal t\u00f6lt\u00f6tt el minket egyr\u00e9szr\u0151l, m\u00e1sr\u00e9szr\u0151l meg nem oldottuk meg...\r\nSajnos nem kellett sok\u00e1ig v\u00e1rni a rossz h\u00edrre... Az aktu\u00e1lis Ct agyi \u00e1tt\u00e9tet mutatott \u00e9s ez most nem t\u00e9ved\u00e9s volt... elkezd\u0151d\u00f6tt a c\u00e9lzott besug\u00e1rz\u00e1s \u00e9s k\u00f6zben ki is der\u00fclt, hogy nem egy \u00e1tt\u00e9t van az agyban...\r\nA mell\u00e9kvese mindk\u00e9t oldal\u00e1n megjelent \u00e9s n\u0151tt az \u00e1tt\u00e9t... \r\nAzt \u00e9reztem, hogy cs\u00faszik ki a talaj a l\u00e1bunk al\u00f3l. Pozit\u00edvan \u00e1lltunk a dolgokhoz, de a k\u00f6vetkez\u0151 vizsg\u00e1lat \u00fajabb agyi \u00e1tt\u00e9teket mutatott (ez k\u00e9t h\u00f3nap leforg\u00e1sa alatt t\u00f6rt\u00e9nt), nem maradt m\u00e1s h\u00e1tra, mint a teljes koponya besug\u00e1rz\u00e1sa. Ezt egy ember \u00e9let\u00e9ben egyszer lehet megtenni \u00e9s ha \u00fajra j\u00f6nnek az \u00e1tt\u00e9tek, akkor nincs t\u00f6bb eszk\u00f6ze az idegseb\u00e9sznek...\r\n\u00dajra megpr\u00f3b\u00e1ltuk a molekul\u00e1ris diagnosztik\u00e1t. A mintav\u00e9tel r\u00e9szben volt csak sikeres... nem volt elegend\u0151 a teljes vizsg\u00e1lathoz. \u00dajabb id\u0151pontot kaptunk r\u00e1, de anyuci h\u00e9tv\u00e9g\u00e9n stroke-t kapott, \u00edgy erre nem ker\u00fclt sor...\r\n2014. j\u00fanius... f\u00e9l \u00e9v alatt od\u00e1ig jutottunk, hogy nem tud l\u00e1bra \u00e1llni... teljesen tiszta a tudata...\r\nA kezel\u0151orvosa az OITI-ben az els\u0151 orvos, aki megk\u00e9rdezi t\u0151lem, hogy gondolkoztam-e m\u00e1r a hospice h\u00e1zon... \r\n\u00c9reztem, hogy nincs m\u00e1r sok id\u0151nk egym\u00e1ssal, de rem\u00e9nykedtem, hogy j\u00f3ra fordulhatnak m\u00e9g a dolgok... \r\nId\u0151k\u00f6zben kider\u00fclt, hogy bab\u00e1t v\u00e1rok... nem tervezt\u00fck, j\u00f6tt, mert j\u00f6nni szeretett volna \u00e9s mi nem tiltakoztunk ellene... Sz\u00edvszor\u00edt\u00f3 \u00e9rz\u00e9s, amikor az orvosom, aki a mag\u00e1n \u00e9let\u00fcnkben is benne van, azt mondja, hogy a sors mindent sz\u00e9pen elrendez... egyik oldalon elvesz, de a m\u00e1sikon ad... h\u00e1t, \u00e9n ezt a kompromisszumot nem akartam megk\u00f6tni.\r\nBoldogan \u00fajs\u00e1goltam anyunak, hogy meg kell gy\u00f3gyulnia, mert h\u00e1rom gyerekkel sz\u00fcks\u00e9gem van r\u00e1... \u00e9s ekkor az anyuk\u00e1m  olyat v\u00e1laszolt, amib\u0151l tudtam, m\u00e1r valahol feladta vagy tudja, hogy r\u00f6vid az id\u0151...\r\nEgy dologban biztos voltam, az anyuk\u00e1mat a k\u00f3rh\u00e1zb\u00f3l magunkhoz vissz\u00fck haza. \u00c9letem p\u00e1rja, gyermekeim apja ebben maxim\u00e1lisan t\u00e1mogatott. Any\u00f3sommal volt egy \u00e9les vit\u00e1nk \u00e9s a fi\u00e1ra is pr\u00f3b\u00e1lt hatni, hogy ne tegy\u00fck, de ebben rend\u00edthetetlen voltam \u00e9s nem b\u00e1ntam meg.\r\nB\u00e9relt\u00fcnk k\u00f3rh\u00e1zi \u00e1gyat, \u00e1trendezt\u00fck a nappalit \u00e9s az \u00e9let\u00fcnket. \r\nNem volt k\u00f6nny\u0171 egyik\u00fcnknek sem. \u00c9n f\u00fcrdettem, pelenk\u00e1ztam, rendeztem. Naponta egyszer j\u00f6tt egy n\u0151v\u00e9rke, aki inf\u00fazi\u00f3t k\u00f6t\u00f6tt be. \r\nJ\u00faliusban beker\u00fclt a Sote pulmonol\u00f3gia oszt\u00e1ly\u00e1ra, arr\u00f3l hogy ott milyen k\u00f6r\u00fclm\u00e9nyek vannak, egy m\u00e1sik \u00edr\u00e1somban ejtek sz\u00f3t, most csak arr\u00f3l szeretn\u00e9k \u00edrni, hogy mit hogyan \u00e9ltem meg.\r\nNe felejts\u00fck el, hogy terhes vagyok, az els\u0151 h\u00e1rom h\u00f3napomat t\u00f6lt\u00f6m, ami el\u00e9g vesz\u00e9lyes id\u0151szak vet\u00e9l\u00e9s szempontj\u00e1b\u00f3l. Itt vannak TBC-s, fert\u0151z\u0151 betegek is...\r\nAlig v\u00e1rtam, hogy \u00fajra hazahozhassam Anyut. K\u00e9rtem a doktorn\u0151t, hogy a lehet\u0151 leghamarabb adja haza.\r\nEkkor tudtam m\u00e1r hogy v\u00e9szesen fogy az id\u0151nk, rettegtem, hogy egyed\u00fcl egy k\u00f3rh\u00e1zi \u00e1gyon fog elmenni \u00e9s ezt nem akartam...\r\nV\u00e9gre k\u00e9t ut\u00e1n hazaj\u00f6hett\u00fcnk...","type":"rich"}